{"id":11739,"date":"2018-01-12T14:44:06","date_gmt":"2018-01-12T13:44:06","guid":{"rendered":"https:\/\/www.vitarelax.it\/prodotto\/young-Canap\u00e9-lit\/"},"modified":"2019-05-30T11:31:26","modified_gmt":"2019-05-30T09:31:26","slug":"young-canape-lit","status":"publish","type":"product","link":"https:\/\/www.vitarelax.it\/fr\/prodotto\/young-canape-lit\/","title":{"rendered":"Young"},"content":{"rendered":"<p>Le canap\u00e9-lit <em>Young<\/em> am\u00e9nage l\u2019espace de mani\u00e8re innovante et originale.<\/p>\n<p>Les \u00e9l\u00e9ments <em>Young<\/em>, aux volumes bien d\u00e9finis, se pr\u00eatent aux compositions de votre choix pour une d\u00e9coration informelle. Id\u00e9al aussi pour qui veut exploiter au maximum l\u2019espace disponible, chaque \u00e9l\u00e9ment pouvant int\u00e9grer un lit.<\/p>\n<p>\u00c9galement disponible dans la m\u00eame ligne, le <a href=\"https:\/\/www.vitarelax.it\/fr\/produit\/young-fauteuil-lit\/\">fauteuil-lit<\/a>.<\/p>\n","protected":false},"excerpt":{"rendered":"<p>Le canap\u00e9-lit Young am\u00e9nage l\u2019espace de mani\u00e8re innovante et originale. Les \u00e9l\u00e9ments Young, aux volumes bien d\u00e9finis, se pr\u00eatent aux compositions de votre choix pour une d\u00e9coration informelle. Id\u00e9al aussi &hellip; <\/p>\n","protected":false},"featured_media":15325,"template":"","meta":[],"product_brand":[],"product_cat":[126],"product_tag":[168,164,390,146,182,140,148],"class_list":{"0":"post-11739","1":"product","2":"type-product","3":"status-publish","4":"has-post-thumbnail","6":"product_cat-canapes-lits","7":"product_tag-matelas-h13cm","8":"product_tag-kit-roller-option","9":"product_tag-sommier-option","10":"product_tag-completement-dehoussable","11":"product_tag-dossier-avec-compartiment-pour-coussins","12":"product_tag-egalement-en-version-fixe","13":"product_tag-modulable","15":"first","16":"instock","17":"virtual","18":"product-type-simple"},"acf":[],"yoast_head":"<!-- This site is optimized with the Yoast SEO plugin v26.2 - https:\/\/yoast.com\/wordpress\/plugins\/seo\/ -->\n<title>Canap\u00e9s-lits &#8211; Young &#8211; Vitarelax<\/title>\n<meta name=\"description\" content=\"Le canap\u00e9-lit Young am\u00e9nage l\u2019espace de mani\u00e8re innovante et originale. Les \u00e9l\u00e9ments Young, aux volumes bien d\u00e9finis, se pr\u00eatent aux compositions de votre\" \/>\n<meta name=\"robots\" content=\"index, follow, max-snippet:-1, max-image-preview:large, max-video-preview:-1\" \/>\n<link rel=\"canonical\" href=\"https:\/\/www.vitarelax.it\/fr\/prodotto\/young-canape-lit\/\" \/>\n<meta property=\"og:locale\" content=\"fr_FR\" \/>\n<meta property=\"og:type\" content=\"article\" \/>\n<meta property=\"og:title\" content=\"Canap\u00e9s-lits &#8211; Young &#8211; Vitarelax\" \/>\n<meta property=\"og:description\" content=\"Le canap\u00e9-lit Young am\u00e9nage l\u2019espace de mani\u00e8re innovante et originale. Les \u00e9l\u00e9ments Young, aux volumes bien d\u00e9finis, se pr\u00eatent aux compositions de votre\" \/>\n<meta property=\"og:url\" content=\"https:\/\/www.vitarelax.it\/fr\/prodotto\/young-canape-lit\/\" \/>\n<meta property=\"og:site_name\" content=\"Vitarelax\" \/>\n<meta property=\"article:publisher\" content=\"https:\/\/www.facebook.com\/vitarelaxsrl\/\" \/>\n<meta property=\"article:modified_time\" content=\"2019-05-30T09:31:26+00:00\" \/>\n<meta property=\"og:image\" content=\"https:\/\/www.vitarelax.it\/wp-content\/uploads\/2019\/05\/young-sofa-thumb-2019-05.jpg\" \/>\n\t<meta property=\"og:image:width\" content=\"1120\" \/>\n\t<meta property=\"og:image:height\" content=\"840\" \/>\n\t<meta property=\"og:image:type\" content=\"image\/jpeg\" \/>\n<meta name=\"twitter:card\" content=\"summary_large_image\" \/>\n<script type=\"application\/ld+json\" class=\"yoast-schema-graph\">{\"@context\":\"https:\/\/schema.org\",\"@graph\":[{\"@type\":\"WebPage\",\"@id\":\"https:\/\/www.vitarelax.it\/fr\/prodotto\/young-canape-lit\/\",\"url\":\"https:\/\/www.vitarelax.it\/fr\/prodotto\/young-canape-lit\/\",\"name\":\"Canap\u00e9s-lits &#8211; Young &#8211; Vitarelax\",\"isPartOf\":{\"@id\":\"https:\/\/www.vitarelax.it\/fr\/#website\"},\"primaryImageOfPage\":{\"@id\":\"https:\/\/www.vitarelax.it\/fr\/prodotto\/young-canape-lit\/#primaryimage\"},\"image\":{\"@id\":\"https:\/\/www.vitarelax.it\/fr\/prodotto\/young-canape-lit\/#primaryimage\"},\"thumbnailUrl\":\"https:\/\/www.vitarelax.it\/wp-content\/uploads\/2019\/05\/young-sofa-thumb-2019-05.jpg\",\"datePublished\":\"2018-01-12T13:44:06+00:00\",\"dateModified\":\"2019-05-30T09:31:26+00:00\",\"description\":\"Le canap\u00e9-lit Young am\u00e9nage l\u2019espace de mani\u00e8re innovante et originale. Les \u00e9l\u00e9ments Young, aux volumes bien d\u00e9finis, se pr\u00eatent aux compositions de votre\",\"breadcrumb\":{\"@id\":\"https:\/\/www.vitarelax.it\/fr\/prodotto\/young-canape-lit\/#breadcrumb\"},\"inLanguage\":\"fr-FR\",\"potentialAction\":[{\"@type\":\"ReadAction\",\"target\":[\"https:\/\/www.vitarelax.it\/fr\/prodotto\/young-canape-lit\/\"]}]},{\"@type\":\"ImageObject\",\"inLanguage\":\"fr-FR\",\"@id\":\"https:\/\/www.vitarelax.it\/fr\/prodotto\/young-canape-lit\/#primaryimage\",\"url\":\"https:\/\/www.vitarelax.it\/wp-content\/uploads\/2019\/05\/young-sofa-thumb-2019-05.jpg\",\"contentUrl\":\"https:\/\/www.vitarelax.it\/wp-content\/uploads\/2019\/05\/young-sofa-thumb-2019-05.jpg\",\"width\":1120,\"height\":840,\"caption\":\"Divano letto Young\"},{\"@type\":\"BreadcrumbList\",\"@id\":\"https:\/\/www.vitarelax.it\/fr\/prodotto\/young-canape-lit\/#breadcrumb\",\"itemListElement\":[{\"@type\":\"ListItem\",\"position\":1,\"name\":\"Home\",\"item\":\"https:\/\/www.vitarelax.it\/fr\/\"},{\"@type\":\"ListItem\",\"position\":2,\"name\":\"Divani &#038; Poltrone\",\"item\":\"https:\/\/www.vitarelax.it\/it\/divani-e-poltrone\/\"},{\"@type\":\"ListItem\",\"position\":3,\"name\":\"Young\"}]},{\"@type\":\"WebSite\",\"@id\":\"https:\/\/www.vitarelax.it\/fr\/#website\",\"url\":\"https:\/\/www.vitarelax.it\/fr\/\",\"name\":\"Vitarelax\",\"description\":\"Poltrone e Divani\",\"publisher\":{\"@id\":\"https:\/\/www.vitarelax.it\/fr\/#organization\"},\"potentialAction\":[{\"@type\":\"SearchAction\",\"target\":{\"@type\":\"EntryPoint\",\"urlTemplate\":\"https:\/\/www.vitarelax.it\/fr\/?s={search_term_string}\"},\"query-input\":{\"@type\":\"PropertyValueSpecification\",\"valueRequired\":true,\"valueName\":\"search_term_string\"}}],\"inLanguage\":\"fr-FR\"},{\"@type\":\"Organization\",\"@id\":\"https:\/\/www.vitarelax.it\/fr\/#organization\",\"name\":\"Vitarelax\",\"url\":\"https:\/\/www.vitarelax.it\/fr\/\",\"logo\":{\"@type\":\"ImageObject\",\"inLanguage\":\"fr-FR\",\"@id\":\"https:\/\/www.vitarelax.it\/fr\/#\/schema\/logo\/image\/\",\"url\":\"https:\/\/www.vitarelax.it\/wp-content\/uploads\/2017\/12\/c-logoVitarelax.png\",\"contentUrl\":\"https:\/\/www.vitarelax.it\/wp-content\/uploads\/2017\/12\/c-logoVitarelax.png\",\"width\":240,\"height\":100,\"caption\":\"Vitarelax\"},\"image\":{\"@id\":\"https:\/\/www.vitarelax.it\/fr\/#\/schema\/logo\/image\/\"},\"sameAs\":[\"https:\/\/www.facebook.com\/vitarelaxsrl\/\"]}]}<\/script>\n<!-- \/ Yoast SEO plugin. -->","yoast_head_json":{"title":"Canap\u00e9s-lits &#8211; Young &#8211; Vitarelax","description":"Le canap\u00e9-lit Young am\u00e9nage l\u2019espace de mani\u00e8re innovante et originale. Les \u00e9l\u00e9ments Young, aux volumes bien d\u00e9finis, se pr\u00eatent aux compositions de votre","robots":{"index":"index","follow":"follow","max-snippet":"max-snippet:-1","max-image-preview":"max-image-preview:large","max-video-preview":"max-video-preview:-1"},"canonical":"https:\/\/www.vitarelax.it\/fr\/prodotto\/young-canape-lit\/","og_locale":"fr_FR","og_type":"article","og_title":"Canap\u00e9s-lits &#8211; Young &#8211; Vitarelax","og_description":"Le canap\u00e9-lit Young am\u00e9nage l\u2019espace de mani\u00e8re innovante et originale. Les \u00e9l\u00e9ments Young, aux volumes bien d\u00e9finis, se pr\u00eatent aux compositions de votre","og_url":"https:\/\/www.vitarelax.it\/fr\/prodotto\/young-canape-lit\/","og_site_name":"Vitarelax","article_publisher":"https:\/\/www.facebook.com\/vitarelaxsrl\/","article_modified_time":"2019-05-30T09:31:26+00:00","og_image":[{"width":1120,"height":840,"url":"https:\/\/www.vitarelax.it\/wp-content\/uploads\/2019\/05\/young-sofa-thumb-2019-05.jpg","type":"image\/jpeg"}],"twitter_card":"summary_large_image","schema":{"@context":"https:\/\/schema.org","@graph":[{"@type":"WebPage","@id":"https:\/\/www.vitarelax.it\/fr\/prodotto\/young-canape-lit\/","url":"https:\/\/www.vitarelax.it\/fr\/prodotto\/young-canape-lit\/","name":"Canap\u00e9s-lits &#8211; Young &#8211; Vitarelax","isPartOf":{"@id":"https:\/\/www.vitarelax.it\/fr\/#website"},"primaryImageOfPage":{"@id":"https:\/\/www.vitarelax.it\/fr\/prodotto\/young-canape-lit\/#primaryimage"},"image":{"@id":"https:\/\/www.vitarelax.it\/fr\/prodotto\/young-canape-lit\/#primaryimage"},"thumbnailUrl":"https:\/\/www.vitarelax.it\/wp-content\/uploads\/2019\/05\/young-sofa-thumb-2019-05.jpg","datePublished":"2018-01-12T13:44:06+00:00","dateModified":"2019-05-30T09:31:26+00:00","description":"Le canap\u00e9-lit Young am\u00e9nage l\u2019espace de mani\u00e8re innovante et originale. Les \u00e9l\u00e9ments Young, aux volumes bien d\u00e9finis, se pr\u00eatent aux compositions de votre","breadcrumb":{"@id":"https:\/\/www.vitarelax.it\/fr\/prodotto\/young-canape-lit\/#breadcrumb"},"inLanguage":"fr-FR","potentialAction":[{"@type":"ReadAction","target":["https:\/\/www.vitarelax.it\/fr\/prodotto\/young-canape-lit\/"]}]},{"@type":"ImageObject","inLanguage":"fr-FR","@id":"https:\/\/www.vitarelax.it\/fr\/prodotto\/young-canape-lit\/#primaryimage","url":"https:\/\/www.vitarelax.it\/wp-content\/uploads\/2019\/05\/young-sofa-thumb-2019-05.jpg","contentUrl":"https:\/\/www.vitarelax.it\/wp-content\/uploads\/2019\/05\/young-sofa-thumb-2019-05.jpg","width":1120,"height":840,"caption":"Divano letto Young"},{"@type":"BreadcrumbList","@id":"https:\/\/www.vitarelax.it\/fr\/prodotto\/young-canape-lit\/#breadcrumb","itemListElement":[{"@type":"ListItem","position":1,"name":"Home","item":"https:\/\/www.vitarelax.it\/fr\/"},{"@type":"ListItem","position":2,"name":"Divani &#038; Poltrone","item":"https:\/\/www.vitarelax.it\/it\/divani-e-poltrone\/"},{"@type":"ListItem","position":3,"name":"Young"}]},{"@type":"WebSite","@id":"https:\/\/www.vitarelax.it\/fr\/#website","url":"https:\/\/www.vitarelax.it\/fr\/","name":"Vitarelax","description":"Poltrone e Divani","publisher":{"@id":"https:\/\/www.vitarelax.it\/fr\/#organization"},"potentialAction":[{"@type":"SearchAction","target":{"@type":"EntryPoint","urlTemplate":"https:\/\/www.vitarelax.it\/fr\/?s={search_term_string}"},"query-input":{"@type":"PropertyValueSpecification","valueRequired":true,"valueName":"search_term_string"}}],"inLanguage":"fr-FR"},{"@type":"Organization","@id":"https:\/\/www.vitarelax.it\/fr\/#organization","name":"Vitarelax","url":"https:\/\/www.vitarelax.it\/fr\/","logo":{"@type":"ImageObject","inLanguage":"fr-FR","@id":"https:\/\/www.vitarelax.it\/fr\/#\/schema\/logo\/image\/","url":"https:\/\/www.vitarelax.it\/wp-content\/uploads\/2017\/12\/c-logoVitarelax.png","contentUrl":"https:\/\/www.vitarelax.it\/wp-content\/uploads\/2017\/12\/c-logoVitarelax.png","width":240,"height":100,"caption":"Vitarelax"},"image":{"@id":"https:\/\/www.vitarelax.it\/fr\/#\/schema\/logo\/image\/"},"sameAs":["https:\/\/www.facebook.com\/vitarelaxsrl\/"]}]}},"_links":{"self":[{"href":"https:\/\/www.vitarelax.it\/fr\/wp-json\/wp\/v2\/product\/11739","targetHints":{"allow":["GET"]}}],"collection":[{"href":"https:\/\/www.vitarelax.it\/fr\/wp-json\/wp\/v2\/product"}],"about":[{"href":"https:\/\/www.vitarelax.it\/fr\/wp-json\/wp\/v2\/types\/product"}],"wp:featuredmedia":[{"embeddable":true,"href":"https:\/\/www.vitarelax.it\/fr\/wp-json\/wp\/v2\/media\/15325"}],"wp:attachment":[{"href":"https:\/\/www.vitarelax.it\/fr\/wp-json\/wp\/v2\/media?parent=11739"}],"wp:term":[{"taxonomy":"product_brand","embeddable":true,"href":"https:\/\/www.vitarelax.it\/fr\/wp-json\/wp\/v2\/product_brand?post=11739"},{"taxonomy":"product_cat","embeddable":true,"href":"https:\/\/www.vitarelax.it\/fr\/wp-json\/wp\/v2\/product_cat?post=11739"},{"taxonomy":"product_tag","embeddable":true,"href":"https:\/\/www.vitarelax.it\/fr\/wp-json\/wp\/v2\/product_tag?post=11739"}],"curies":[{"name":"wp","href":"https:\/\/api.w.org\/{rel}","templated":true}]}}